{"id":129,"date":"2016-10-08T14:25:36","date_gmt":"2016-10-08T12:25:36","guid":{"rendered":"http:\/\/www.mk-rechtsanwaelte.de\/mk\/?page_id=129"},"modified":"2016-10-08T14:25:36","modified_gmt":"2016-10-08T12:25:36","slug":"sonderkuendigungsschutz","status":"publish","type":"page","link":"http:\/\/www.mk-rechtsanwaelte.de\/mk\/sonderkuendigungsschutz\/","title":{"rendered":"Sonderk\u00fcndigungsschutz"},"content":{"rendered":"<p><strong>Sonderk\u00fcndigungsschutz <\/strong>genie\u00dfen <strong>Schwangere,<\/strong> Arbeitnehmer\/Arbeitnehmerinnen, die sich in <strong>Elternzeit <\/strong>befinden, behinderte\u00a0 Menschen und <strong>betriebliche Funktionstr\u00e4ger<\/strong>. Will der Arbeitgeber einem Arbeitnehmer k\u00fcndigen, der Sonderk\u00fcndigungsschutz genie\u00dft, so muss der Arbeitgeber vor Ausspruch der K\u00fcndigung die Zustimmung des <strong>Integrationsamtes <\/strong>einholen.<\/p>\n","protected":false},"excerpt":{"rendered":"<p>Sonderk\u00fcndigungsschutz genie\u00dfen Schwangere, Arbeitnehmer\/Arbeitnehmerinnen, die sich in Elternzeit befinden, behinderte\u00a0 Menschen und betriebliche Funktionstr\u00e4ger. Will der Arbeitgeber einem Arbeitnehmer k\u00fcndigen, der Sonderk\u00fcndigungsschutz genie\u00dft, so muss der Arbeitgeber vor Ausspruch der K\u00fcndigung die Zustimmung des Integrationsamtes einholen.<\/p>\n","protected":false},"author":1,"featured_media":0,"parent":0,"menu_order":0,"comment_status":"closed","ping_status":"closed","template":"","meta":[],"_links":{"self":[{"href":"http:\/\/www.mk-rechtsanwaelte.de\/mk\/wp-json\/wp\/v2\/pages\/129"}],"collection":[{"href":"http:\/\/www.mk-rechtsanwaelte.de\/mk\/wp-json\/wp\/v2\/pages"}],"about":[{"href":"http:\/\/www.mk-rechtsanwaelte.de\/mk\/wp-json\/wp\/v2\/types\/page"}],"author":[{"embeddable":true,"href":"http:\/\/www.mk-rechtsanwaelte.de\/mk\/wp-json\/wp\/v2\/users\/1"}],"replies":[{"embeddable":true,"href":"http:\/\/www.mk-rechtsanwaelte.de\/mk\/wp-json\/wp\/v2\/comments?post=129"}],"version-history":[{"count":1,"href":"http:\/\/www.mk-rechtsanwaelte.de\/mk\/wp-json\/wp\/v2\/pages\/129\/revisions"}],"predecessor-version":[{"id":130,"href":"http:\/\/www.mk-rechtsanwaelte.de\/mk\/wp-json\/wp\/v2\/pages\/129\/revisions\/130"}],"wp:attachment":[{"href":"http:\/\/www.mk-rechtsanwaelte.de\/mk\/wp-json\/wp\/v2\/media?parent=129"}],"curies":[{"name":"wp","href":"https:\/\/api.w.org\/{rel}","templated":true}]}}